{"id":32899,"date":"2021-09-30T06:31:16","date_gmt":"2021-09-30T05:31:16","guid":{"rendered":"https:\/\/stage.relevo.app\/?page_id=32899"},"modified":"2024-03-12T11:41:34","modified_gmt":"2024-03-12T10:41:34","slug":"app_ger_aboutus_das-ist-relevo","status":"publish","type":"page","link":"https:\/\/relevo.app\/de\/app_ger_aboutus_das-ist-relevo\/","title":{"rendered":"App_GER_AboutUs_Das ist Relevo"},"content":{"rendered":"\t\t<div data-elementor-type=\"wp-page\" data-elementor-id=\"32899\" class=\"elementor elementor-32899\" data-elementor-post-type=\"page\">\n\t\t\t\t\t\t<section class=\"elementor-section elementor-top-section elementor-element elementor-element-0ba3420 elementor-section-boxed elementor-section-height-default elementor-section-height-default\" data-id=\"0ba3420\" data-element_type=\"section\" data-e-type=\"section\">\n\t\t\t\t\t\t<div class=\"elementor-container elementor-column-gap-default\">\n\t\t\t\t\t<div class=\"elementor-column elementor-col-100 elementor-top-column elementor-element elementor-element-d39a4ec\" data-id=\"d39a4ec\" data-element_type=\"column\" data-e-type=\"column\">\n\t\t\t<div class=\"elementor-widget-wrap elementor-element-populated\">\n\t\t\t\t\t\t<div class=\"elementor-element elementor-element-dcbd000 elementor-widget elementor-widget-image\" data-id=\"dcbd000\" data-element_type=\"widget\" data-e-type=\"widget\" data-widget_type=\"image.default\">\n\t\t\t\t<div class=\"elementor-widget-container\">\n\t\t\t\t\t\t\t\t\t\t\t\t\t\t\t<img fetchpriority=\"high\" decoding=\"async\" width=\"640\" height=\"427\" src=\"https:\/\/relevo.app\/wp-content\/uploads\/2021\/09\/Relevo-Team-Foto-2-e1623335988767-1.jpg\" class=\"attachment-large size-large wp-image-32903\" alt=\"Relevo Jobs\" srcset=\"https:\/\/relevo.app\/wp-content\/uploads\/2021\/09\/Relevo-Team-Foto-2-e1623335988767-1.jpg 640w, https:\/\/relevo.app\/wp-content\/uploads\/2021\/09\/Relevo-Team-Foto-2-e1623335988767-1-600x400.jpg 600w, https:\/\/relevo.app\/wp-content\/uploads\/2021\/09\/Relevo-Team-Foto-2-e1623335988767-1-300x200.jpg 300w\" sizes=\"(max-width: 640px) 100vw, 640px\" \/>\t\t\t\t\t\t\t\t\t\t\t\t\t\t\t<\/div>\n\t\t\t\t<\/div>\n\t\t\t\t<div class=\"elementor-element elementor-element-7db7cc3 elementor-widget elementor-widget-text-editor\" data-id=\"7db7cc3\" data-element_type=\"widget\" data-e-type=\"widget\" data-widget_type=\"text-editor.default\">\n\t\t\t\t<div class=\"elementor-widget-container\">\n\t\t\t\t\t\t\t\t\t<p><b>Zusammen f\u00fcr die gleiche Sache! <\/b><\/p>\n<p>Was einmal zu dritt angefangen hat, besteht mittlerweile aus einem Team mit \u00fcber 50 Mitarbeitenden.<\/p>\n<p>Wir sind stolz darauf, so viele Menschen f\u00fcr unsere Firma und unsere Vision zu begeistern und gemeinsam f\u00fcr ein und dieselbe Sache zu stehen.<\/p>\n<p>Wir sind ein junges und super motiviertes Team und stecken genauso viel Herzblut wie Spa\u00df in unsere Arbeit!<\/p>\n<p>Und so leben wir unsere Werte in und nach der Arbeit: smart, einfach partnerschaftlich, \u00f6kologisch &amp; bewegend.<\/p>\n<p>Unser B\u00fcro ist aus recycelten M\u00f6beln, die Team-Tshirts klimaneutral und die IT steht auf gr\u00fcnen F\u00fc\u00dfen.<\/p>\n<p>Dadurch ist es uns auch m\u00f6glich, Teams an mehreren Standorten gleichzeitig zu f\u00fchren!<\/p>\n<p>Hier ist vor allem der st\u00e4ndige Austausch sowie ein hohes Level an Kommunikation gefragt. Aber wer tauscht sich nicht gerne mit seinen Arbeitskollegen bei einer vollen Tasse Kaffee aus?! Und ja, erstmal werden die Wochenendpl\u00e4ne besprochen\u2026.aber pssst!<\/p>\n<p>Der Start-Up-Alltag stellt allerdings nicht nur unsere Gr\u00fcnder manchmal vor Herausforderungen, sondern das gesamte Team.<\/p>\n<p>Als immer gr\u00f6\u00dfer werdendes Unternehmen m\u00fcssen Abl\u00e4ufe, Strukturen und Prozesse immer wieder neu angepasst und umgesetzt werden. Hier packen alle mit an und bringen ihre Ideen und Kompetenzen gleicherma\u00dfen mit ein.<\/p>\n<p>Und selbstverst\u00e4ndlich darf das ein oder andere Feierabendbier danach nicht fehlen. <img decoding=\"async\" draggable=\"false\" role=\"img\" class=\"emoji\" alt=\"\ud83d\ude0a\" src=\"https:\/\/s.w.org\/images\/core\/emoji\/14.0.0\/svg\/1f60a.svg\"><\/p>\n<p><i>\u201cIch liebe es meine eigenen Ideen mit einzubringen &amp; finde es toll, dass meine Arbeit so wertgesch\u00e4tzt wird.\u201d \u2013 Customer Happiness, M\u00fcnchen<\/i><\/p>\n<p><i>\u201cUnseren ersten Key-Account werde ich nie vergessen. Ein absolutes Wochenendprojekt, dass sich aber definitiv gelohnt hat.\u201d \u2013 City-Managerin, M\u00fcnchen<\/i><\/p>\n<p><i>\u201cDie Teamatmosph\u00e4re ist sehr locker und positiv und es herrscht gro\u00dfe Hilfsbereitschaft.\u201d \u2013 Sales-Werkstudentin, Berlin<\/i><\/p>\n<p><i>\u201cDie Kombination aus Lohnarbeit und \u2018Welt-Retten\u2019 gef\u00e4llt mir besonders gut.\u201d \u2013 Sales-Werkstudent, Hamburg <\/i><\/p>\n<p><i>\u201cIch habe hier nicht nur Arbeitskollegen kennengelernt \u2013 sondern echt, coole Freunde.\u201d \u2013 Business Development-Praktikantin, Frankfurt<\/i><\/p>\n<p><i>\u201cIch bewundere den Impact, den wir in der kurzen Zeit bereits erreicht haben.\u201d \u2013 Business Development, Berlin<\/i><\/p>\n<div id=\"page\" class=\"layout-fullwidth header-style-3\">\n<div id=\"lazy-loading-point\">&nbsp;<\/div>\n<\/div>\n<div id=\"wpadminbar\" class=\"nojq\">&nbsp;<\/div>\t\t\t\t\t\t\t\t<\/div>\n\t\t\t\t<\/div>\n\t\t\t\t\t<\/div>\n\t\t<\/div>\n\t\t\t\t\t<\/div>\n\t\t<\/section>\n\t\t\t\t<\/div>\n\t\t","protected":false},"excerpt":{"rendered":"<p>Zusammen f\u00fcr die gleiche Sache! Was einmal zu dritt angefangen hat, besteht mittlerweile aus einem Team mit \u00fcber 50 Mitarbeitenden. Wir sind stolz darauf, so viele Menschen f\u00fcr unsere Firma und unsere Vision zu begeistern und gemeinsam f\u00fcr ein und dieselbe Sache zu stehen. Wir sind ein junges und super motiviertes Team und stecken genauso [&hellip;]<\/p>\n","protected":false},"author":1,"featured_media":0,"parent":0,"menu_order":0,"comment_status":"closed","ping_status":"closed","template":"elementor_canvas","meta":{"content-type":"","om_disable_all_campaigns":false,"footnotes":""},"class_list":["post-32899","page","type-page","status-publish","hentry"],"yoast_head":"<!-- This site is optimized with the Yoast SEO plugin v27.4 - https:\/\/yoast.com\/product\/yoast-seo-wordpress\/ -->\n<title>App_GER_AboutUs_Das ist Relevo - Relevo<\/title>\n<meta name=\"robots\" content=\"noindex, follow\" \/>\n<meta property=\"og:locale\" content=\"de_DE\" \/>\n<meta property=\"og:type\" content=\"article\" \/>\n<meta property=\"og:title\" content=\"App_GER_AboutUs_Das ist Relevo - Relevo\" \/>\n<meta property=\"og:description\" content=\"Zusammen f\u00fcr die gleiche Sache! Was einmal zu dritt angefangen hat, besteht mittlerweile aus einem Team mit \u00fcber 50 Mitarbeitenden. Wir sind stolz darauf, so viele Menschen f\u00fcr unsere Firma und unsere Vision zu begeistern und gemeinsam f\u00fcr ein und dieselbe Sache zu stehen. Wir sind ein junges und super motiviertes Team und stecken genauso [&hellip;]\" \/>\n<meta property=\"og:url\" content=\"https:\/\/relevo.app\/de\/app_ger_aboutus_das-ist-relevo\/\" \/>\n<meta property=\"og:site_name\" content=\"Relevo\" \/>\n<meta property=\"article:modified_time\" content=\"2024-03-12T10:41:34+00:00\" \/>\n<meta property=\"og:image\" content=\"https:\/\/stage.relevo.app\/wp-content\/uploads\/2021\/09\/Relevo-Team-Foto-2-e1623335988767-1.jpg\" \/>\n<meta name=\"twitter:card\" content=\"summary_large_image\" \/>\n<meta name=\"twitter:label1\" content=\"Gesch\u00e4tzte Lesezeit\" \/>\n\t<meta name=\"twitter:data1\" content=\"3\u00a0Minuten\" \/>\n<script type=\"application\/ld+json\" class=\"yoast-schema-graph\">{\"@context\":\"https:\\\/\\\/schema.org\",\"@graph\":[{\"@type\":\"WebPage\",\"@id\":\"https:\\\/\\\/relevo.app\\\/de\\\/app_ger_aboutus_das-ist-relevo\\\/\",\"url\":\"https:\\\/\\\/relevo.app\\\/de\\\/app_ger_aboutus_das-ist-relevo\\\/\",\"name\":\"App_GER_AboutUs_Das ist Relevo - Relevo\",\"isPartOf\":{\"@id\":\"https:\\\/\\\/relevo.app\\\/de\\\/#website\"},\"primaryImageOfPage\":{\"@id\":\"https:\\\/\\\/relevo.app\\\/de\\\/app_ger_aboutus_das-ist-relevo\\\/#primaryimage\"},\"image\":{\"@id\":\"https:\\\/\\\/relevo.app\\\/de\\\/app_ger_aboutus_das-ist-relevo\\\/#primaryimage\"},\"thumbnailUrl\":\"https:\\\/\\\/stage.relevo.app\\\/wp-content\\\/uploads\\\/2021\\\/09\\\/Relevo-Team-Foto-2-e1623335988767-1.jpg\",\"datePublished\":\"2021-09-30T05:31:16+00:00\",\"dateModified\":\"2024-03-12T10:41:34+00:00\",\"breadcrumb\":{\"@id\":\"https:\\\/\\\/relevo.app\\\/de\\\/app_ger_aboutus_das-ist-relevo\\\/#breadcrumb\"},\"inLanguage\":\"de\",\"potentialAction\":[{\"@type\":\"ReadAction\",\"target\":[\"https:\\\/\\\/relevo.app\\\/de\\\/app_ger_aboutus_das-ist-relevo\\\/\"]}]},{\"@type\":\"ImageObject\",\"inLanguage\":\"de\",\"@id\":\"https:\\\/\\\/relevo.app\\\/de\\\/app_ger_aboutus_das-ist-relevo\\\/#primaryimage\",\"url\":\"https:\\\/\\\/stage.relevo.app\\\/wp-content\\\/uploads\\\/2021\\\/09\\\/Relevo-Team-Foto-2-e1623335988767-1.jpg\",\"contentUrl\":\"https:\\\/\\\/stage.relevo.app\\\/wp-content\\\/uploads\\\/2021\\\/09\\\/Relevo-Team-Foto-2-e1623335988767-1.jpg\"},{\"@type\":\"BreadcrumbList\",\"@id\":\"https:\\\/\\\/relevo.app\\\/de\\\/app_ger_aboutus_das-ist-relevo\\\/#breadcrumb\",\"itemListElement\":[{\"@type\":\"ListItem\",\"position\":1,\"name\":\"Home\",\"item\":\"https:\\\/\\\/relevo.app\\\/de\\\/\"},{\"@type\":\"ListItem\",\"position\":2,\"name\":\"App_GER_AboutUs_Das ist Relevo\"}]},{\"@type\":\"WebSite\",\"@id\":\"https:\\\/\\\/relevo.app\\\/de\\\/#website\",\"url\":\"https:\\\/\\\/relevo.app\\\/de\\\/\",\"name\":\"Relevo\",\"description\":\"\",\"potentialAction\":[{\"@type\":\"SearchAction\",\"target\":{\"@type\":\"EntryPoint\",\"urlTemplate\":\"https:\\\/\\\/relevo.app\\\/de\\\/?s={search_term_string}\"},\"query-input\":{\"@type\":\"PropertyValueSpecification\",\"valueRequired\":true,\"valueName\":\"search_term_string\"}}],\"inLanguage\":\"de\"}]}<\/script>\n<!-- \/ Yoast SEO plugin. -->","yoast_head_json":{"title":"App_GER_AboutUs_Das ist Relevo - Relevo","robots":{"index":"noindex","follow":"follow"},"og_locale":"de_DE","og_type":"article","og_title":"App_GER_AboutUs_Das ist Relevo - Relevo","og_description":"Zusammen f\u00fcr die gleiche Sache! Was einmal zu dritt angefangen hat, besteht mittlerweile aus einem Team mit \u00fcber 50 Mitarbeitenden. Wir sind stolz darauf, so viele Menschen f\u00fcr unsere Firma und unsere Vision zu begeistern und gemeinsam f\u00fcr ein und dieselbe Sache zu stehen. Wir sind ein junges und super motiviertes Team und stecken genauso [&hellip;]","og_url":"https:\/\/relevo.app\/de\/app_ger_aboutus_das-ist-relevo\/","og_site_name":"Relevo","article_modified_time":"2024-03-12T10:41:34+00:00","og_image":[{"url":"https:\/\/stage.relevo.app\/wp-content\/uploads\/2021\/09\/Relevo-Team-Foto-2-e1623335988767-1.jpg","type":"","width":"","height":""}],"twitter_card":"summary_large_image","twitter_misc":{"Gesch\u00e4tzte Lesezeit":"3\u00a0Minuten"},"schema":{"@context":"https:\/\/schema.org","@graph":[{"@type":"WebPage","@id":"https:\/\/relevo.app\/de\/app_ger_aboutus_das-ist-relevo\/","url":"https:\/\/relevo.app\/de\/app_ger_aboutus_das-ist-relevo\/","name":"App_GER_AboutUs_Das ist Relevo - Relevo","isPartOf":{"@id":"https:\/\/relevo.app\/de\/#website"},"primaryImageOfPage":{"@id":"https:\/\/relevo.app\/de\/app_ger_aboutus_das-ist-relevo\/#primaryimage"},"image":{"@id":"https:\/\/relevo.app\/de\/app_ger_aboutus_das-ist-relevo\/#primaryimage"},"thumbnailUrl":"https:\/\/stage.relevo.app\/wp-content\/uploads\/2021\/09\/Relevo-Team-Foto-2-e1623335988767-1.jpg","datePublished":"2021-09-30T05:31:16+00:00","dateModified":"2024-03-12T10:41:34+00:00","breadcrumb":{"@id":"https:\/\/relevo.app\/de\/app_ger_aboutus_das-ist-relevo\/#breadcrumb"},"inLanguage":"de","potentialAction":[{"@type":"ReadAction","target":["https:\/\/relevo.app\/de\/app_ger_aboutus_das-ist-relevo\/"]}]},{"@type":"ImageObject","inLanguage":"de","@id":"https:\/\/relevo.app\/de\/app_ger_aboutus_das-ist-relevo\/#primaryimage","url":"https:\/\/stage.relevo.app\/wp-content\/uploads\/2021\/09\/Relevo-Team-Foto-2-e1623335988767-1.jpg","contentUrl":"https:\/\/stage.relevo.app\/wp-content\/uploads\/2021\/09\/Relevo-Team-Foto-2-e1623335988767-1.jpg"},{"@type":"BreadcrumbList","@id":"https:\/\/relevo.app\/de\/app_ger_aboutus_das-ist-relevo\/#breadcrumb","itemListElement":[{"@type":"ListItem","position":1,"name":"Home","item":"https:\/\/relevo.app\/de\/"},{"@type":"ListItem","position":2,"name":"App_GER_AboutUs_Das ist Relevo"}]},{"@type":"WebSite","@id":"https:\/\/relevo.app\/de\/#website","url":"https:\/\/relevo.app\/de\/","name":"Relevo","description":"","potentialAction":[{"@type":"SearchAction","target":{"@type":"EntryPoint","urlTemplate":"https:\/\/relevo.app\/de\/?s={search_term_string}"},"query-input":{"@type":"PropertyValueSpecification","valueRequired":true,"valueName":"search_term_string"}}],"inLanguage":"de"}]}},"_links":{"self":[{"href":"https:\/\/relevo.app\/de\/wp-json\/wp\/v2\/pages\/32899","targetHints":{"allow":["GET"]}}],"collection":[{"href":"https:\/\/relevo.app\/de\/wp-json\/wp\/v2\/pages"}],"about":[{"href":"https:\/\/relevo.app\/de\/wp-json\/wp\/v2\/types\/page"}],"author":[{"embeddable":true,"href":"https:\/\/relevo.app\/de\/wp-json\/wp\/v2\/users\/1"}],"replies":[{"embeddable":true,"href":"https:\/\/relevo.app\/de\/wp-json\/wp\/v2\/comments?post=32899"}],"version-history":[{"count":8,"href":"https:\/\/relevo.app\/de\/wp-json\/wp\/v2\/pages\/32899\/revisions"}],"predecessor-version":[{"id":40001,"href":"https:\/\/relevo.app\/de\/wp-json\/wp\/v2\/pages\/32899\/revisions\/40001"}],"wp:attachment":[{"href":"https:\/\/relevo.app\/de\/wp-json\/wp\/v2\/media?parent=32899"}],"curies":[{"name":"wp","href":"https:\/\/api.w.org\/{rel}","templated":true}]}}